{"id":163,"date":"2021-12-23T15:45:04","date_gmt":"2021-12-23T12:45:04","guid":{"rendered":"https:\/\/pres-is.com\/?page_id=163"},"modified":"2022-08-02T14:28:52","modified_gmt":"2022-08-02T14:28:52","slug":"tarihimiz","status":"publish","type":"page","link":"https:\/\/pres-is.com\/tr\/tarihimiz\/","title":{"rendered":"TAR\u0130H\u0130M\u0130Z"},"content":{"rendered":"<p>[vc_row][vc_column][vc_column_text][\/vc_column_text][\/vc_column][\/vc_row][vc_row][vc_column][vc_row_inner][vc_column_inner width=&#8221;1\/2&#8243;][vc_column_text]<\/p>\n<h1 style=\"text-align: center;\"><strong>B\u0130Z, <\/strong><br \/>\nB\u00d6YLE BA\u015eLADIK<\/h1>\n<p style=\"text-align: center;\"><strong><span class=\"fontstyle0\">Tam 66 y\u0131l oldu bu \u015firketi kural\u0131. Her \u015fey Bursa\u2019da k\u00fc\u00e7\u00fck bir at\u00f6lyede ba\u015flad\u0131\u2026<\/span><\/strong><\/p>\n<p style=\"text-align: center;\">Biz Soba \u00fcretmeye 66 y\u0131l \u00f6nce ba\u015flad\u0131k. Bug\u00fcn 3. jenerasyon devrald\u0131 ve g\u00fcnden g\u00fcnde inovatif teknolojilerle \u201cGeleneksel Soba\u201d \u00fcretimine, bu sanata katk\u0131 sunmaya devam ediyoruz.<\/p>\n<p style=\"text-align: center;\">T\u00fcrkiyenin her noktas\u0131na ula\u015fan, b\u00fct\u00fcn \u015fehirlerde ve k\u00f6ylerde kimi zaman \u00fcnl\u00fc a\u015f\u00e7\u0131lar\u0131m\u0131z da bulabilece\u011finiz sobalar\u0131m\u0131z\u0131, alan\u0131nda uzmanla\u015fm\u0131\u015f ekip arkada\u015flar\u0131m\u0131z\u0131n \u00f6zverili el eme\u011fi ile \u00fcretiyor, ard\u0131ndan 15 y\u0131l\u0131 a\u015fk\u0131n bizimle beraber olan senior ustalar\u0131m\u0131z\u0131n denetiminden ge\u00e7iriyoruz.<br \/>\nEvet bizi as\u0131l bir aile \u015firketi yapan da bu.<\/p>\n<p>[\/vc_column_text][\/vc_column_inner][vc_column_inner width=&#8221;1\/2&#8243;][vc_single_image image=&#8221;405&#8243; img_size=&#8221;full&#8221; alignment=&#8221;center&#8221; style=&#8221;vc_box_rounded&#8221;][\/vc_column_inner][\/vc_row_inner][\/vc_column][\/vc_row][vc_row full_width=&#8221;stretch_row_content&#8221; gap=&#8221;10&#8243; css=&#8221;.vc_custom_1659444948409{padding-top: 50px !important;background-image: url(https:\/\/pres-is.com\/wp-content\/uploads\/2022\/01\/bg-alt-01.jpg?id=484) !important;background-position: center !important;background-repeat: no-repeat !important;background-size: cover !important;}&#8221;][vc_column][vc_row_inner][vc_column_inner width=&#8221;1\/4&#8243;][vc_custom_heading text=&#8221;PRES-\u0130\u015e SOBALAR&#8221; font_container=&#8221;tag:p|font_size:25|text_align:left|color:%2329a97a&#8221; use_theme_fonts=&#8221;yes&#8221;][vc_wp_custommenu nav_menu=&#8221;44&#8243;][\/vc_column_inner][vc_column_inner width=&#8221;1\/4&#8243;][vc_custom_heading text=&#8221;\u00dcR\u00dcN KATEGOR\u0130LER\u0130&#8221; font_container=&#8221;tag:p|font_size:25|text_align:left|color:%2329a97a&#8221; use_theme_fonts=&#8221;yes&#8221;][vc_wp_custommenu nav_menu=&#8221;44&#8243;][\/vc_column_inner][vc_column_inner width=&#8221;1\/4&#8243;][vc_custom_heading text=&#8221;PRES-\u0130\u015e&#8221; font_container=&#8221;tag:p|font_size:25|text_align:left|color:%2329a97a&#8221; use_theme_fonts=&#8221;yes&#8221;][vc_wp_custommenu nav_menu=&#8221;42&#8243;][\/vc_column_inner][vc_column_inner width=&#8221;1\/4&#8243;][vc_single_image image=&#8221;122&#8243; img_size=&#8221;full&#8221; alignment=&#8221;center&#8221;][vc_column_text]<span style=\"color: #ffffff;\">Biz Soba \u00fcretmeye 66 y\u0131l \u00f6nce ba\u015flad\u0131k. Bug\u00fcn 3. Jenerasyon devrald\u0131 ve g\u00fcnden g\u00fcnde inovatif Teknolojilerle \u201cGeleneksel Soba\u201d \u00fcretimine, bu Sanata katk\u0131 sunmaya devam ediyoruz.<\/span>[\/vc_column_text][\/vc_column_inner][\/vc_row_inner][vc_column_text]<\/p>\n<p style=\"text-align: center;\"><span style=\"color: #ffffff;\">\u00a9 Copyright 2021 PRES-\u0130\u015e ISI C\u0130HAZLARI SAN. ve T\u0130C. LTD. \u015eT\u0130 | T\u00fcm Haklar\u0131 Sakl\u0131d\u0131r.<\/span><\/p>\n<p>[\/vc_column_text][vc_separator color=&#8221;custom&#8221; style=&#8221;dotted&#8221; border_width=&#8221;2&#8243; el_width=&#8221;90&#8243; accent_color=&#8221;#2aa97a&#8221;][\/vc_column][\/vc_row]<\/p>","protected":false},"excerpt":{"rendered":"<p>[vc_row][vc_column][vc_column_text][\/vc_column_text][\/vc_column][\/vc_row][vc_row][vc_column][vc_row_inner][vc_column_inner width=&#8221;1\/2&#8243;][vc_column_text] B\u0130Z, B\u00d6YLE BA\u015eLADIK Tam 66 y\u0131l oldu bu \u015firketi kural\u0131. Her \u015fey Bursa\u2019da k\u00fc\u00e7\u00fck bir at\u00f6lyede ba\u015flad\u0131\u2026 Biz Soba \u00fcretmeye 66 y\u0131l \u00f6nce ba\u015flad\u0131k.<span class=\"excerpt-hellip\"> [\u2026]<\/span><\/p>\n","protected":false},"author":2,"featured_media":0,"parent":0,"menu_order":0,"comment_status":"closed","ping_status":"closed","template":"","meta":[],"yoast_head":"<!-- This site is optimized with the Yoast SEO plugin v20.4 - https:\/\/yoast.com\/wordpress\/plugins\/seo\/ -->\r\n<title>TAR\u0130H\u0130M\u0130Z - S\u0131cak Dostunuz<\/title>\r\n<meta name=\"robots\" content=\"index, follow, max-snippet:-1, max-image-preview:large, max-video-preview:-1\" \/>\r\n<link rel=\"canonical\" href=\"https:\/\/pres-is.com\/tarihimiz\/\" \/>\r\n<meta property=\"og:locale\" content=\"tr_TR\" \/>\r\n<meta property=\"og:type\" content=\"article\" \/>\r\n<meta property=\"og:title\" content=\"[:tr]TAR\u0130H\u0130M\u0130Z[:en]HISTORY[:de]OUR HISTORIE[:] - S\u0131cak Dostunuz\" \/>\r\n<meta property=\"og:description\" content=\"[vc_row][vc_column][vc_column_text][\/vc_column_text][\/vc_column][\/vc_row][vc_row][vc_column][vc_row_inner][vc_column_inner width=&#8221;1\/2&#8243;][vc_column_text] B\u0130Z, B\u00d6YLE BA\u015eLADIK Tam 66 y\u0131l oldu bu \u015firketi kural\u0131. Her \u015fey Bursa\u2019da k\u00fc\u00e7\u00fck bir at\u00f6lyede ba\u015flad\u0131\u2026 Biz Soba \u00fcretmeye 66 y\u0131l \u00f6nce ba\u015flad\u0131k. [\u2026]\" \/>\r\n<meta property=\"og:url\" content=\"https:\/\/pres-is.com\/tarihimiz\/\" \/>\r\n<meta property=\"og:site_name\" content=\"S\u0131cak Dostunuz\" \/>\r\n<meta property=\"article:modified_time\" content=\"2022-08-02T14:28:52+00:00\" \/>\r\n<meta name=\"twitter:card\" content=\"summary_large_image\" \/>\r\n<meta name=\"twitter:label1\" content=\"Tahmini okuma s\u00fcresi\" \/>\n\t<meta name=\"twitter:data1\" content=\"4 dakika\" \/>\r\n<script type=\"application\/ld+json\" class=\"yoast-schema-graph\">{\"@context\":\"https:\/\/schema.org\",\"@graph\":[{\"@type\":\"WebPage\",\"@id\":\"https:\/\/pres-is.com\/tarihimiz\/\",\"url\":\"https:\/\/pres-is.com\/tarihimiz\/\",\"name\":\"[:tr]TAR\u0130H\u0130M\u0130Z[:en]HISTORY[:de]OUR HISTORIE[:] - S\u0131cak Dostunuz\",\"isPartOf\":{\"@id\":\"https:\/\/pres-is.com\/tr\/#website\"},\"datePublished\":\"2021-12-23T12:45:04+00:00\",\"dateModified\":\"2022-08-02T14:28:52+00:00\",\"breadcrumb\":{\"@id\":\"https:\/\/pres-is.com\/tarihimiz\/#breadcrumb\"},\"inLanguage\":\"tr\",\"potentialAction\":[{\"@type\":\"ReadAction\",\"target\":[\"https:\/\/pres-is.com\/tarihimiz\/\"]}]},{\"@type\":\"BreadcrumbList\",\"@id\":\"https:\/\/pres-is.com\/tarihimiz\/#breadcrumb\",\"itemListElement\":[{\"@type\":\"ListItem\",\"position\":1,\"name\":\"Anasayfa\",\"item\":\"https:\/\/pres-is.com\/\"},{\"@type\":\"ListItem\",\"position\":2,\"name\":\"TAR\u0130H\u0130M\u0130Z\"}]},{\"@type\":\"WebSite\",\"@id\":\"https:\/\/pres-is.com\/tr\/#website\",\"url\":\"https:\/\/pres-is.com\/tr\/\",\"name\":\"S\u0131cak Dostunuz\",\"description\":\"\u00dcretim Zaman\u0131\",\"potentialAction\":[{\"@type\":\"SearchAction\",\"target\":{\"@type\":\"EntryPoint\",\"urlTemplate\":\"https:\/\/pres-is.com\/tr\/?s={search_term_string}\"},\"query-input\":\"required name=search_term_string\"}],\"inLanguage\":\"tr\"}]}<\/script>\r\n<!-- \/ Yoast SEO plugin. -->","yoast_head_json":{"title":"[:tr]TAR\u0130H\u0130M\u0130Z[:en]HISTORY[:de]OUR HISTORIE[:] - S\u0131cak Dostunuz","robots":{"index":"index","follow":"follow","max-snippet":"max-snippet:-1","max-image-preview":"max-image-preview:large","max-video-preview":"max-video-preview:-1"},"canonical":"https:\/\/pres-is.com\/tarihimiz\/","og_locale":"tr_TR","og_type":"article","og_title":"[:tr]TAR\u0130H\u0130M\u0130Z[:en]HISTORY[:de]OUR HISTORIE[:] - S\u0131cak Dostunuz","og_description":"[vc_row][vc_column][vc_column_text][\/vc_column_text][\/vc_column][\/vc_row][vc_row][vc_column][vc_row_inner][vc_column_inner width=&#8221;1\/2&#8243;][vc_column_text] B\u0130Z, B\u00d6YLE BA\u015eLADIK Tam 66 y\u0131l oldu bu \u015firketi kural\u0131. Her \u015fey Bursa\u2019da k\u00fc\u00e7\u00fck bir at\u00f6lyede ba\u015flad\u0131\u2026 Biz Soba \u00fcretmeye 66 y\u0131l \u00f6nce ba\u015flad\u0131k. [\u2026]","og_url":"https:\/\/pres-is.com\/tarihimiz\/","og_site_name":"S\u0131cak Dostunuz","article_modified_time":"2022-08-02T14:28:52+00:00","twitter_card":"summary_large_image","twitter_misc":{"Tahmini okuma s\u00fcresi":"4 dakika"},"schema":{"@context":"https:\/\/schema.org","@graph":[{"@type":"WebPage","@id":"https:\/\/pres-is.com\/tarihimiz\/","url":"https:\/\/pres-is.com\/tarihimiz\/","name":"[:tr]TAR\u0130H\u0130M\u0130Z[:en]HISTORY[:de]OUR HISTORIE[:] - S\u0131cak Dostunuz","isPartOf":{"@id":"https:\/\/pres-is.com\/tr\/#website"},"datePublished":"2021-12-23T12:45:04+00:00","dateModified":"2022-08-02T14:28:52+00:00","breadcrumb":{"@id":"https:\/\/pres-is.com\/tarihimiz\/#breadcrumb"},"inLanguage":"tr","potentialAction":[{"@type":"ReadAction","target":["https:\/\/pres-is.com\/tarihimiz\/"]}]},{"@type":"BreadcrumbList","@id":"https:\/\/pres-is.com\/tarihimiz\/#breadcrumb","itemListElement":[{"@type":"ListItem","position":1,"name":"Anasayfa","item":"https:\/\/pres-is.com\/"},{"@type":"ListItem","position":2,"name":"TAR\u0130H\u0130M\u0130Z"}]},{"@type":"WebSite","@id":"https:\/\/pres-is.com\/tr\/#website","url":"https:\/\/pres-is.com\/tr\/","name":"S\u0131cak Dostunuz","description":"\u00dcretim Zaman\u0131","potentialAction":[{"@type":"SearchAction","target":{"@type":"EntryPoint","urlTemplate":"https:\/\/pres-is.com\/tr\/?s={search_term_string}"},"query-input":"required name=search_term_string"}],"inLanguage":"tr"}]}},"_links":{"self":[{"href":"https:\/\/pres-is.com\/tr\/wp-json\/wp\/v2\/pages\/163"}],"collection":[{"href":"https:\/\/pres-is.com\/tr\/wp-json\/wp\/v2\/pages"}],"about":[{"href":"https:\/\/pres-is.com\/tr\/wp-json\/wp\/v2\/types\/page"}],"author":[{"embeddable":true,"href":"https:\/\/pres-is.com\/tr\/wp-json\/wp\/v2\/users\/2"}],"replies":[{"embeddable":true,"href":"https:\/\/pres-is.com\/tr\/wp-json\/wp\/v2\/comments?post=163"}],"version-history":[{"count":45,"href":"https:\/\/pres-is.com\/tr\/wp-json\/wp\/v2\/pages\/163\/revisions"}],"predecessor-version":[{"id":1036,"href":"https:\/\/pres-is.com\/tr\/wp-json\/wp\/v2\/pages\/163\/revisions\/1036"}],"wp:attachment":[{"href":"https:\/\/pres-is.com\/tr\/wp-json\/wp\/v2\/media?parent=163"}],"curies":[{"name":"wp","href":"https:\/\/api.w.org\/{rel}","templated":true}]}}